{"id":14560,"date":"2018-11-16T13:38:01","date_gmt":"2018-11-16T12:38:01","guid":{"rendered":"http:\/\/itw.aktivcomm-server.de\/?page_id=14560"},"modified":"2025-07-09T09:51:23","modified_gmt":"2025-07-09T07:51:23","slug":"datenschutzhinweis_bewerber","status":"publish","type":"page","link":"https:\/\/www.itw-fasteners.com\/de\/datenschutzhinweis_bewerber\/","title":{"rendered":"Datenschutzhinweis f. Bewerber"},"content":{"rendered":"<div class=\"fusion-fullwidth fullwidth-box fusion-builder-row-1 nonhundred-percent-fullwidth non-hundred-percent-height-scrolling\" style=\"--awb-border-radius-top-left:0px;--awb-border-radius-top-right:0px;--awb-border-radius-bottom-right:0px;--awb-border-radius-bottom-left:0px;--awb-flex-wrap:wrap;\" ><div class=\"fusion-builder-row fusion-row\"><div class=\"fusion-layout-column fusion_builder_column fusion-builder-column-0 fusion_builder_column_1_1 1_1 fusion-one-full fusion-column-first fusion-column-last\" style=\"--awb-bg-size:cover;\"><div class=\"fusion-column-wrapper fusion-flex-column-wrapper-legacy\"><div class=\"fusion-text fusion-text-1\"><h1>Datenschutzhinweis f\u00fcr Bewerber<\/h1>\n<h5>Diese Datenschutzerkl\u00e4rung erl\u00e4utert, wie die <strong>ITW Fastener Products GmbH<\/strong> (nachfolgend &#8222;Wir&#8220; oder &#8222;Unser&#8220;) Ihre pers\u00f6nlichen Daten verarbeitet, \u00fcbertr\u00e4gt\/weitergibt und sch\u00fctzt. Pers\u00f6nliche Daten sind alle Informationen, die Sie betreffen.<\/h5>\n<h3><strong>1\u00a0\u00a0\u00a0\u00a0\u00a0\u00a0Zweck, Kategorien personenbezogener Daten, Rechtsgrundlage und Aufbewahrung<\/strong><\/h3>\n<h5><strong>1.1\u00a0\u00a0\u00a0\u00a0\u00a0\u00a0 Kategorien personenbezogener Daten und Zwecke der Verarbeitung<\/strong><\/h5>\n<h5>Wir verarbeiten insbesondere folgende Kategorien Ihrer personenbezogenen Daten im Rahmen des Bewerbungsprozesses. Wir verwenden nur solche Informationen, die Sie uns zur Verf\u00fcgung gestellt haben oder die wir \u00fcber \u00f6ffentlich zug\u00e4ngliche Quellen beziehen k\u00f6nnen:<\/h5>\n<h5>(i)<br \/>\nGrundlegende Daten (z.B.: Name, Kontaktdaten, Familienstand, Geburtsdatum, Geschlecht,\u00a0Nationalit\u00e4t, Staatsangeh\u00f6rigkeit<\/h5>\n<h5>(ii)<br \/>\nSensible Daten wie Religionszugeh\u00f6rigkeit bzw.\u00a0Konfession oder eine etwaige Schwerbehinderung (nur sofern von Ihnen angegeben);<\/h5>\n<h5>(iii)<br \/>\nAusbildung, beruflicher Werdegang, Referenzen, F\u00e4higkeiten, Kompetenzen und andere Informationen aus Ihrem Lebenslauf oder Anschreiben;<\/h5>\n<h5>(iv)<br \/>\nBereitschaft zu einem m\u00f6glichen Standortwechsel im Falle der Einstellung;<\/h5>\n<h5>(v)<br \/>\nggf. F\u00fchrerscheinklasse einschlie\u00dflich jeglicher Ausbildung und Bescheinigungen f\u00fcr die Verwaltung und Nutzung von Firmenwagen bzw. Fahrzeuge f\u00fcr dienstliche Nutzung;<\/h5>\n<h5>(vi)<br \/>\nPers\u00f6nliche Daten, die in Protokolldateien oder Sicherheitsberichten enthalten sind (insbesondere\u00a0IP-Adresse, Nutzername, Passwort, Ort und Zeitpunkt des Zugriffs auf unser Netzwerk) zum\u00a0Zwecke des Systemschutzes und der \u00dcberwachung und Protokollierung der Nutzung unseres\u00a0Netzwerkes, um dessen Sicherheit gew\u00e4hrleisten zu k\u00f6nnen;<\/h5>\n<h5><strong>1.2\u00a0\u00a0\u00a0\u00a0\u00a0\u00a0 <\/strong><strong>Rechtsgrundlage f\u00fcr die Verarbeitung Ihrer personenbezogenen\u00a0Daten<\/strong><\/h5>\n<h5>Die rechtliche Grundlage ist grunds\u00e4tzlich Art. 6 Abs. 1 lit. (b) der Datenschutz-Grundverordnung EU 2016\/679 (DSGVO) in Verbindung mit \u00a7 26 Bundesdatenschutzgesetz (BDSG-neu), die die Verarbeitung Ihrer personenbezogenen Daten zum Zweck der Erf\u00fcllung vorvertraglicher Ma\u00dfnahmen mit uns erm\u00f6glichen.<\/h5>\n<h5>Sollten Informationen \u00fcber Sie hierf\u00fcr nicht erforderlich sein, verarbeiten wir diese nur mit Ihrer Einwilligung gem. Art. 6 Abs. 1 lit. (a) DSGVO.<\/h5>\n<h5>Im Hinblick auf m\u00f6gliche Compliance-T\u00e4tigkeiten gelten als Rechtsgrundlagen Art. 6 Abs. 1 lit. (c) sowie Art. 6 Abs. 1 lit. (f) DSGVO, da die Verarbeitung der jeweiligen personenbezogenen Daten f\u00fcr unsere berechtigten Interessen erforderlich sein kann. Derartige legitime Interessen bestehen darin, dass uns relevante Verst\u00f6\u00dfe gemeldet werden und dass die Einhaltung geltender Gesetze untersucht wird.<\/h5>\n<h5>Soweit wir Ihre personenbezogenen Daten an andere Unternehmen unserer Gruppe als unseren konzernweiten IT-Dienstleister weitergeben und dies nicht im Rahmen einer Auftragsverarbeitung erfolgt, gilt als Rechtsgrundlage f\u00fcr solche \u00dcbertragungen wiederum Art. 6 Abs. 1 lit. (f) DSGVO. Unsere legitimen Interessen in dieser Hinsicht sind (i) ein zentralisierter globaler IT-Ansatz mit harmonisierten Prozessen und (ii) Kosteneinsparungen, die sich aus dem Betrieb einer zentralisierten IT ergeben.<\/h5>\n<h5>Weiterhin kann Art. 6 Abs. 1 lit. (c) als Rechtsgrundlage Anwendung finden, sofern wir Ihre personenbezogenen Daten zur Erf\u00fcllung einer rechtlichen Verpflichtung verarbeiten m\u00fcssen.<\/h5>\n<h5><strong>1.3\u00a0\u00a0\u00a0\u00a0\u00a0\u00a0 <\/strong><strong>M\u00fcssen Sie uns Ihre pers\u00f6nlichen Daten mitteilen bzw. zur Verf\u00fcgung stellen<\/strong><strong>?<\/strong><\/h5>\n<h5>Die Bereitstellung Ihrer personenbezogenen Daten ist Voraussetzung f\u00fcr den Bewerbungsprozess und eine etwaige Einstellung. Sollten Sie uns Ihre hierf\u00fcr ben\u00f6tigten Informationen nicht zukommen lassen wollen, k\u00f6nnen wir Sie f\u00fcr die von uns ausgeschriebenen Stellen nicht ber\u00fccksichtigen.<\/h5>\n<h5><strong>1.4<\/strong>\u00a0\u00a0\u00a0\u00a0\u00a0\u00a0 <strong>Treffen wir automatisierte Entscheidungen \u00fcber Sie?<\/strong><\/h5>\n<h5>Wir treffen keine automatisierten Entscheidungen, ausschlie\u00dflich \u00fcber die automatische Verarbeitung, einschlie\u00dflich der Profilerstellung, die f\u00fcr Sie rechtliche Auswirkungen hat.<\/h5>\n<h5><strong>1.5\u00a0\u00a0\u00a0\u00a0\u00a0\u00a0 <\/strong><strong>Aufbewahrungsfristen<\/strong><\/h5>\n<h5>Die Kriterien, die zur Bestimmung der anwendbaren Aufbewahrungsfristen verwendet werden, sind, dass wir Ihre personenbezogenen Daten solange aufbewahren (i) wie f\u00fcr den Bewerbungsprozess notwendig, (ii) bzw. \u00fcber die Dauer des Bewerbungsprozesses hinaus sofern erforderlich bzw. wenn Sie hierin eingewilligt haben, (iii) gem\u00e4\u00df den geltenden gesetzlichen Aufbewahrungsgesetzen oder (iv) solange Sie eine etwaige Einwilligung nicht widerrufen haben.<\/h5>\n<h5>Grunds\u00e4tzlich werden Ihre Bewerberdaten noch f\u00fcr 6 Monate nach einer etwaigen Absage aufbewahrt und dann gel\u00f6scht bzw. vernichtet.<\/h5>\n<h3><strong>2\u00a0\u00a0\u00a0Weitergabe von personenbezogenen Daten an Dritte<\/strong><\/h3>\n<h5><strong>2.1\u00a0\u00a0 <\/strong><strong>Weitergabe Ihrer Daten <\/strong><\/h5>\n<h5>Wir geben Ihre personenbezogenen Daten nur an solche Stellen weiter, die Ihre Daten zur Erf\u00fcllung unserer Aufgaben ben\u00f6tigen. Hierzu kann es erforderlich sein, dass Dienstleister uns unterst\u00fctzen. Weiterhin kann es erforderlich sein, dass Ihre Daten auch an andere Einheiten unserer Unternehmensgruppe weitergegeben werden m\u00fcssen. Des Weiteren k\u00f6nnen Ihre Bewerbungsunterlagen an andere Einheiten unserer Unternehmensgruppe weitergegeben werden, wenn dort vakante Stellen auf die Ihre Bewerbung \/ Qualifikation passt. Dabei beachten wir die datenschutzrechtlichen Vorschriften. Ihre personenbezogenen Daten k\u00f6nnen insbesondere an folgende Empf\u00e4nger weitergegeben werden:<\/h5>\n<h5>\u00b7\u00a0\u00a0\u00a0\u00a0\u00a0\u00a0\u00a0\u00a0\u00a0 IT-Dienstleister,<\/h5>\n<h5>\u00b7\u00a0\u00a0\u00a0\u00a0\u00a0\u00a0\u00a0\u00a0\u00a0 Entsorgungsdienstleister.<\/h5>\n<h5>\u00b7\u00a0\u00a0\u00a0\u00a0\u00a0\u00a0\u00a0\u00a0\u00a0 Beh\u00f6rden, \u00c4mter, Banken<\/h5>\n<h5>\u00b7\u00a0\u00a0\u00a0\u00a0\u00a0\u00a0\u00a0\u00a0\u00a0 sonstige Dienstleister, die uns z.B. bzgl. des Einstellungsprozesses unterst\u00fctzen.<\/h5>\n<h5><strong>2.2\u00a0\u00a0 <\/strong><strong>Weitergabe Ihrer pers\u00f6nlichen Daten an Dritte in L\u00e4ndern au\u00dferhalb der Europ\u00e4ischen Union<\/strong><\/h5>\n<h5>Dritte, gem. Ziff. 2.1, an die wir personenbezogene Daten weitergeben, k\u00f6nnen sich au\u00dferhalb der Europ\u00e4ischen Union befinden. Wenn es keine angemessenen Entscheidungen vonseiten der Europ\u00e4ischen Kommission f\u00fcr das entsprechende Land gibt (das bedeutet, dass das Datenschutzniveau in diesem Land nicht mit dem Niveau des Datenschutzes in der Europ\u00e4ischen Union vergleichbar ist), verwenden wir die geeigneten Schutzma\u00dfnahmen f\u00fcr Ihre personenbezogenen Daten. Grunds\u00e4tzlich erfolgt eine Weitergabe Ihrer Daten an Drittl\u00e4nder ohne angemessenes Datenschutzniveau unter Verwendung der sogenannten EU-Standardvertragsklauseln. Bei weiteren Fragen hierzu, wenden Sie sich bitte an den\/die Datenschutzbeauftragte\/n.<\/h5>\n<h3><\/h3>\n<h3><strong>3\u00a0 Social Media<\/strong><\/h3>\n<h5><strong>3.1\u00a0 Allgemeines<\/strong><\/h5>\n<h5>Wir\u00a0unterhalten in verschiedenen sozialen Netzwerken \u00f6ffentlich zug\u00e4ngliche Profile. Ihr Besuch dieser Profile setzt eine Vielzahl von Datenverarbeitungsvorg\u00e4ngen in Gang. Nachfolgend geben wir Ihnen einen \u00dcberblick dar\u00fcber, welche Ihrer personenbezogenen Daten von uns erhoben, genutzt und gespeichert werden, wenn Sie unsere Profile besuchen. Personenbezogene Daten sind dabei solche Angaben, die sich\u00a0Ihnen als bestimmter Person zuordnen lassen (zB Name, Alter, Anschrift, Fotos, E-Mail-Adressen, uU auch IP-Adressen). Ferner informieren wir Sie dar\u00fcber, welche Rechte Sie im Hinblick auf die Verarbeitung Ihrer personenbezogenen Daten uns gegen\u00fcber haben. Sie sind nicht verpflichtet, uns Ihre personenbezogenen Daten zu \u00fcberlassen. Allerdings kann dies f\u00fcr einzelne Funktionalit\u00e4ten unserer Profile in sozialen Netzwerken erforderlich sein. Diese Funktionalit\u00e4ten stehen Ihnen nicht oder nur eingeschr\u00e4nkt zur Verf\u00fcgung, wenn Sie uns Ihre personenbezogenen Daten nicht \u00fcberlassen.<\/h5>\n<h5>Bei Ihrem Besuch unserer Profile werden Ihre personenbezogenen Daten nicht nur durch uns, sondern auch durch die Betreiber des jeweiligen sozialen Netzwerks erhoben, genutzt und gespeichert. Dies geschieht auch dann, wenn Sie selbst kein Profil in dem jeweiligen sozialen Netzwerk haben. Die einzelnen Datenverarbeitungsvorg\u00e4nge und ihr Umfang unterscheiden sich\u00a0je nach\u00a0Betreiber des jeweiligen sozialen Netzwerks und sie sind nicht zwingend f\u00fcr uns nachvollziehbar. Einzelheiten \u00fcber die Erhebung und Speicherung Ihrer pers\u00f6nlichen Daten sowie \u00fcber Art, Umfang und Zweck ihrer Verwendung durch den Betreiber des jeweiligen sozialen Netzwerks entnehmen Sie bitte den Datenschutzerkl\u00e4rungen des jeweiligen Betreibers:<\/h5>\n<h5>\u2013\u00a0\u00a0 Die Datenschutzerkl\u00e4rung f\u00fcr das soziale Netzwerk Facebook, das von Facebook Ireland Limited, 4 Grand Canal Square, Dublin 2, Irland, betrieben wird, k\u00f6nnen Sie unter\u00a0<a href=\"https:\/\/nam01.safelinks.protection.outlook.com\/?url=https%3A%2F%2Fwww.facebook.com%2Fabout%2Fprivacy%2Fupdate%3Fref%3Dold_policy&amp;data=02%7C01%7CPETRA.HEIDRICH%40itw-efc.com%7C1aab649ffd514e206eb908d8441f1297%7C7fa3ed9ffff94884a6e28dd98886b775%7C0%7C0%7C637334247527348601&amp;sdata=0ieMPYP2N6sLMR82VO8C8nYD3qbZStXVHyRWKABCpeA%3D&amp;reserved=0\">https:\/\/www.facebook.com\/about\/privacy\/update?ref=old_policy<\/a> einsehen;<\/h5>\n<h5><\/h5>\n<h5><strong>3.2\u00a0 Informationen \u00fcber die Erhebung personenbezogener Daten<\/strong><\/h5>\n<h5>i) Verantwortlicher im Sinne von \u00a7\u00a04 Abs.\u00a07 DS-GVO ist : ITW Fastener Products GmbH, Am Pulverh\u00e4uschen 7, 67677 Enkenbach-Alsenborn, Telefon:\u00a0+49\u00a0(0)6303 805-0, Email: <a>info@itwfasteners.com<\/a>.<\/h5>\n<h5>ii) Die Kontaktdaten des Datenschutzbeauftragten lauten: EUGA.datenschutz@itwautomotive.com, alternativ unsere o.g. Postadresse mit dem Zusatz \u201eder Datenschutzbeauftragte\u201c.<\/h5>\n<h5>iii) Wenn Sie unsere Profile in sozialen Netzwerken besuchen, verarbeiten wir folgende personenbezogenen Daten:\u00a0Name, Vorname, Wohnort, Telefonnummer, e-mail Adresse. Wir verarbeiten diese Daten zum Zwecke der Kontaktaufnahme. Rechtsgrundlage f\u00fcr die Verarbeitung dieser Daten ist \u00a7\u00a06 Abs.\u00a01\u00a0 lit. (b) DS-GVO.<\/h5>\n<h5>[Beispielhaft f\u00fcr eine Facebook-Fanpage: Als Betreiber einer Facebook-Fanpage k\u00f6nnen wir nur die in Ihrem \u00f6ffentlichen Facebook-Profil hinterlegten Informationen einsehen, und dies auch nur, sofern Sie \u00fcber ein solches Profil verf\u00fcgen und in dieses eingeloggt sind, w\u00e4hrend Sie unsere Fanpage aufrufen. Zus\u00e4tzlich stellt uns Facebook anonyme Nutzungsstatistiken zur Verf\u00fcgung, die wir zur Verbesserung des Nutzererlebnisses beim Besuch unserer Fanpage verwenden. Wir haben\u00a0weder Zugriff\u00a0auf die Nutzungsdaten, die Facebook zur Erstellung dieser Statistiken erhebt. Facebook hat sich uns gegen\u00fcber verpflichtet, die prim\u00e4re Verantwortung nach der DS-GVO f\u00fcr die Verarbeitung dieser Daten zu \u00fcbernehmen, s\u00e4mtliche Pflichten aus der DS-GVO hinsichtlich dieser Daten zu erf\u00fcllen und den Betroffen das Wesentliche dieser Verpflichtung zur Verf\u00fcgung zu stellen. Diese Datenverarbeitungen dienen unserem (und Ihrem) berechtigten Interesse, das Nutzererlebnis beim Besuch unserer Fanpage zielgruppengerecht zu verbessern. Rechtsgrundlage f\u00fcr die Datenverarbeitungen ist damit Art.\u00a06 Abs.\u00a01 lit. f) DS-GVO. Daneben verwendet Facebook sog. Cookies, die beim Besuch unserer Fanpage auch dann auf Ihrem Endger\u00e4t abgelegt werden, wenn Sie \u00fcber kein eigenes Facebook-Profil verf\u00fcgen oder in dieses nicht w\u00e4hrend Ihres Besuchs unserer Fanpage eingeloggt sind. Diese Cookies erlauben es Facebook, Nutzerprofile anhand Ihrer Pr\u00e4ferenzen und Interessen zu erstellen und Ihnen darauf abgestimmte Werbung (innerhalb und au\u00dferhalb von Facebook) anzuzeigen. Cookies befinden sich solange auf Ihrem Endger\u00e4t, bis Sie sie l\u00f6schen. Einzelheiten hierzu finden Sie in der Datenschutzerkl\u00e4rung von Facebook.]<\/h5>\n<h5>iv) Sofern Sie unsere Profile in sozialen Netzwerken nutzen, um mit uns Kontakt aufzunehmen (bspw. durch die Erstellung eigener Beitr\u00e4ge, die Reaktion auf einen unserer Beitr\u00e4ge oder durch private Nachrichten an uns), werden die uns von Ihnen mitgeteilten Daten Name, Vorname, Wohnort, Telefonnummer, e-mail Adresse von uns ausschlie\u00dflich zu dem Zweck verarbeitet, mit Ihnen in Kontakt treten zu k\u00f6nnen. Rechtsgrundlage f\u00fcr die Datenerhebung ist damit \u00a7\u00a06 Abs.\u00a01 lit. a) und b) DS-GVO. Wir l\u00f6schen gespeicherte\u00a0Daten 6 Monate nach Abschluss des Bewerbungsverfahrens, sobald deren Speicherung nicht mehr erforderlich ist oder Sie uns zu deren L\u00f6schung auffordern; im Falle gesetzlicher Aufbewahrungspflichten beschr\u00e4nken wir die Verarbeitung der gespeicherten Daten entsprechend.<\/h5>\n<h5>v) Wir \u00fcbermitteln Ihre personenbezogenen Daten im Rahmen des nach \u00a7\u00a06 Abs.\u00a01 DS-GVO zul\u00e4ssigen an interne Stellen innerhalb des Unternehmens.<\/h5>\n<h3><\/h3>\n<h3><strong>4\u00a0 Ihre Rechte<\/strong><\/h3>\n<h5>Nach den Vorschriften der EU-Datenschutz-Grundverordnung k\u00f6nnen Sie uns gegen\u00fcber folgende Rechte geltend machen:<\/h5>\n<h5>\u00b7\u00a0\u00a0\u00a0\u00a0\u00a0\u00a0\u00a0\u00a0\u00a0 Recht auf Auskunft<\/h5>\n<h5>\u00b7\u00a0\u00a0\u00a0\u00a0\u00a0\u00a0\u00a0\u00a0\u00a0 Recht auf Berichtigung<\/h5>\n<h5>\u00b7\u00a0\u00a0\u00a0\u00a0\u00a0\u00a0\u00a0\u00a0\u00a0 Recht auf Einschr\u00e4nkung der Verarbeitung<\/h5>\n<h5>\u00b7\u00a0\u00a0\u00a0\u00a0\u00a0\u00a0\u00a0\u00a0\u00a0 Recht auf L\u00f6schung \/ Recht auf Vergessenwerden (unter bestimmten Umst\u00e4nden)<\/h5>\n<h5>\u00b7\u00a0\u00a0\u00a0\u00a0\u00a0\u00a0\u00a0\u00a0\u00a0 Recht auf Daten\u00fcbertragbarkeit (unter bestimmten Umst\u00e4nden)<\/h5>\n<h5>\u00b7\u00a0\u00a0\u00a0\u00a0\u00a0\u00a0\u00a0\u00a0\u00a0 Widerspruchsrecht<\/h5>\n<h5>Wenn die Verarbeitung Ihrer personenbezogenen Daten eine Einwilligung Ihrerseits voraussetzt, haben Sie auch das Recht, diese Einwilligung zu widerrufen, ohne die Rechtm\u00e4\u00dfigkeit unserer Verarbeitung aufgrund Ihrer Einwilligung vor deren Widerruf zu beeintr\u00e4chtigen.<\/h5>\n<h5>Um eines Ihrer oben aufgef\u00fchrten Rechte geltend zu machen oder sofern Sie der Auffassung sind, dass wir Ihre personenbezogenen Daten in unzul\u00e4ssiger Weise verarbeiten, kontaktieren Sie bitte EUGA.datenschutz@itwautomotive.com<\/h5>\n<h5>Sie haben zudem das Recht sich an die Datenschutzaufsichtsbeh\u00f6rde zu wenden. Die zust\u00e4ndige Aufsichtsbeh\u00f6rde ist: Landesbeauftragte f\u00fcr den Datenschutz und die Informationsfreiheit Rheinland-Pfalz, Hintere Bleiche 34, 55116 Mainz.<\/h5>\n<\/div><div class=\"fusion-clearfix\"><\/div><\/div><\/div><\/div><\/div>\n","protected":false},"excerpt":{"rendered":"","protected":false},"author":3,"featured_media":0,"parent":0,"menu_order":0,"comment_status":"closed","ping_status":"closed","template":"100-width.php","meta":{"footnotes":""},"class_list":["post-14560","page","type-page","status-publish","hentry"],"yoast_head":"<!-- This site is optimized with the Yoast SEO plugin v27.3 - https:\/\/yoast.com\/product\/yoast-seo-wordpress\/ -->\n<title>Datenschutzhinweis f. Bewerber - ITW<\/title>\n<meta name=\"robots\" content=\"index, follow, max-snippet:-1, max-image-preview:large, max-video-preview:-1\" \/>\n<link rel=\"canonical\" href=\"https:\/\/www.itw-fasteners.com\/de\/datenschutzhinweis_bewerber\/\" \/>\n<meta property=\"og:locale\" content=\"de_DE\" \/>\n<meta property=\"og:type\" content=\"article\" \/>\n<meta property=\"og:title\" content=\"Datenschutzhinweis f. Bewerber - ITW\" \/>\n<meta property=\"og:url\" content=\"https:\/\/www.itw-fasteners.com\/de\/datenschutzhinweis_bewerber\/\" \/>\n<meta property=\"og:site_name\" content=\"ITW\" \/>\n<meta property=\"article:modified_time\" content=\"2025-07-09T07:51:23+00:00\" \/>\n<meta name=\"twitter:card\" content=\"summary_large_image\" \/>\n<meta name=\"twitter:label1\" content=\"Gesch\u00e4tzte Lesezeit\" \/>\n\t<meta name=\"twitter:data1\" content=\"8\u00a0Minuten\" \/>\n<script type=\"application\/ld+json\" class=\"yoast-schema-graph\">{\"@context\":\"https:\\\/\\\/schema.org\",\"@graph\":[{\"@type\":\"WebPage\",\"@id\":\"https:\\\/\\\/www.itw-fasteners.com\\\/de\\\/datenschutzhinweis_bewerber\\\/\",\"url\":\"https:\\\/\\\/www.itw-fasteners.com\\\/de\\\/datenschutzhinweis_bewerber\\\/\",\"name\":\"Datenschutzhinweis f. Bewerber - ITW\",\"isPartOf\":{\"@id\":\"https:\\\/\\\/www.itw-fasteners.com\\\/de\\\/#website\"},\"datePublished\":\"2018-11-16T12:38:01+00:00\",\"dateModified\":\"2025-07-09T07:51:23+00:00\",\"breadcrumb\":{\"@id\":\"https:\\\/\\\/www.itw-fasteners.com\\\/de\\\/datenschutzhinweis_bewerber\\\/#breadcrumb\"},\"inLanguage\":\"de\",\"potentialAction\":[{\"@type\":\"ReadAction\",\"target\":[\"https:\\\/\\\/www.itw-fasteners.com\\\/de\\\/datenschutzhinweis_bewerber\\\/\"]}]},{\"@type\":\"BreadcrumbList\",\"@id\":\"https:\\\/\\\/www.itw-fasteners.com\\\/de\\\/datenschutzhinweis_bewerber\\\/#breadcrumb\",\"itemListElement\":[{\"@type\":\"ListItem\",\"position\":1,\"name\":\"Home\",\"item\":\"https:\\\/\\\/www.itw-fasteners.com\\\/de\\\/\"},{\"@type\":\"ListItem\",\"position\":2,\"name\":\"Datenschutzhinweis f. Bewerber\"}]},{\"@type\":\"WebSite\",\"@id\":\"https:\\\/\\\/www.itw-fasteners.com\\\/de\\\/#website\",\"url\":\"https:\\\/\\\/www.itw-fasteners.com\\\/de\\\/\",\"name\":\"ITW Fasteners\",\"description\":\"\",\"publisher\":{\"@id\":\"https:\\\/\\\/www.itw-fasteners.com\\\/de\\\/#organization\"},\"potentialAction\":[{\"@type\":\"SearchAction\",\"target\":{\"@type\":\"EntryPoint\",\"urlTemplate\":\"https:\\\/\\\/www.itw-fasteners.com\\\/de\\\/?s={search_term_string}\"},\"query-input\":{\"@type\":\"PropertyValueSpecification\",\"valueRequired\":true,\"valueName\":\"search_term_string\"}}],\"inLanguage\":\"de\"},{\"@type\":\"Organization\",\"@id\":\"https:\\\/\\\/www.itw-fasteners.com\\\/de\\\/#organization\",\"name\":\"ITW Fasteners\",\"url\":\"https:\\\/\\\/www.itw-fasteners.com\\\/de\\\/\",\"logo\":{\"@type\":\"ImageObject\",\"inLanguage\":\"de\",\"@id\":\"https:\\\/\\\/www.itw-fasteners.com\\\/de\\\/#\\\/schema\\\/logo\\\/image\\\/\",\"url\":\"https:\\\/\\\/www.itw-fasteners.com\\\/wp-content\\\/uploads\\\/2022\\\/06\\\/ITW_Logo_GF_Maroon_CMYK.png\",\"contentUrl\":\"https:\\\/\\\/www.itw-fasteners.com\\\/wp-content\\\/uploads\\\/2022\\\/06\\\/ITW_Logo_GF_Maroon_CMYK.png\",\"width\":2132,\"height\":1057,\"caption\":\"ITW Fasteners\"},\"image\":{\"@id\":\"https:\\\/\\\/www.itw-fasteners.com\\\/de\\\/#\\\/schema\\\/logo\\\/image\\\/\"}}]}<\/script>\n<!-- \/ Yoast SEO plugin. -->","yoast_head_json":{"title":"Datenschutzhinweis f. Bewerber - ITW","robots":{"index":"index","follow":"follow","max-snippet":"max-snippet:-1","max-image-preview":"max-image-preview:large","max-video-preview":"max-video-preview:-1"},"canonical":"https:\/\/www.itw-fasteners.com\/de\/datenschutzhinweis_bewerber\/","og_locale":"de_DE","og_type":"article","og_title":"Datenschutzhinweis f. Bewerber - ITW","og_url":"https:\/\/www.itw-fasteners.com\/de\/datenschutzhinweis_bewerber\/","og_site_name":"ITW","article_modified_time":"2025-07-09T07:51:23+00:00","twitter_card":"summary_large_image","twitter_misc":{"Gesch\u00e4tzte Lesezeit":"8\u00a0Minuten"},"schema":{"@context":"https:\/\/schema.org","@graph":[{"@type":"WebPage","@id":"https:\/\/www.itw-fasteners.com\/de\/datenschutzhinweis_bewerber\/","url":"https:\/\/www.itw-fasteners.com\/de\/datenschutzhinweis_bewerber\/","name":"Datenschutzhinweis f. Bewerber - ITW","isPartOf":{"@id":"https:\/\/www.itw-fasteners.com\/de\/#website"},"datePublished":"2018-11-16T12:38:01+00:00","dateModified":"2025-07-09T07:51:23+00:00","breadcrumb":{"@id":"https:\/\/www.itw-fasteners.com\/de\/datenschutzhinweis_bewerber\/#breadcrumb"},"inLanguage":"de","potentialAction":[{"@type":"ReadAction","target":["https:\/\/www.itw-fasteners.com\/de\/datenschutzhinweis_bewerber\/"]}]},{"@type":"BreadcrumbList","@id":"https:\/\/www.itw-fasteners.com\/de\/datenschutzhinweis_bewerber\/#breadcrumb","itemListElement":[{"@type":"ListItem","position":1,"name":"Home","item":"https:\/\/www.itw-fasteners.com\/de\/"},{"@type":"ListItem","position":2,"name":"Datenschutzhinweis f. Bewerber"}]},{"@type":"WebSite","@id":"https:\/\/www.itw-fasteners.com\/de\/#website","url":"https:\/\/www.itw-fasteners.com\/de\/","name":"ITW Fasteners","description":"","publisher":{"@id":"https:\/\/www.itw-fasteners.com\/de\/#organization"},"potentialAction":[{"@type":"SearchAction","target":{"@type":"EntryPoint","urlTemplate":"https:\/\/www.itw-fasteners.com\/de\/?s={search_term_string}"},"query-input":{"@type":"PropertyValueSpecification","valueRequired":true,"valueName":"search_term_string"}}],"inLanguage":"de"},{"@type":"Organization","@id":"https:\/\/www.itw-fasteners.com\/de\/#organization","name":"ITW Fasteners","url":"https:\/\/www.itw-fasteners.com\/de\/","logo":{"@type":"ImageObject","inLanguage":"de","@id":"https:\/\/www.itw-fasteners.com\/de\/#\/schema\/logo\/image\/","url":"https:\/\/www.itw-fasteners.com\/wp-content\/uploads\/2022\/06\/ITW_Logo_GF_Maroon_CMYK.png","contentUrl":"https:\/\/www.itw-fasteners.com\/wp-content\/uploads\/2022\/06\/ITW_Logo_GF_Maroon_CMYK.png","width":2132,"height":1057,"caption":"ITW Fasteners"},"image":{"@id":"https:\/\/www.itw-fasteners.com\/de\/#\/schema\/logo\/image\/"}}]}},"_links":{"self":[{"href":"https:\/\/www.itw-fasteners.com\/de\/wp-json\/wp\/v2\/pages\/14560","targetHints":{"allow":["GET"]}}],"collection":[{"href":"https:\/\/www.itw-fasteners.com\/de\/wp-json\/wp\/v2\/pages"}],"about":[{"href":"https:\/\/www.itw-fasteners.com\/de\/wp-json\/wp\/v2\/types\/page"}],"author":[{"embeddable":true,"href":"https:\/\/www.itw-fasteners.com\/de\/wp-json\/wp\/v2\/users\/3"}],"replies":[{"embeddable":true,"href":"https:\/\/www.itw-fasteners.com\/de\/wp-json\/wp\/v2\/comments?post=14560"}],"version-history":[{"count":10,"href":"https:\/\/www.itw-fasteners.com\/de\/wp-json\/wp\/v2\/pages\/14560\/revisions"}],"predecessor-version":[{"id":27273,"href":"https:\/\/www.itw-fasteners.com\/de\/wp-json\/wp\/v2\/pages\/14560\/revisions\/27273"}],"wp:attachment":[{"href":"https:\/\/www.itw-fasteners.com\/de\/wp-json\/wp\/v2\/media?parent=14560"}],"curies":[{"name":"wp","href":"https:\/\/api.w.org\/{rel}","templated":true}]}}